{"id":1242,"date":"2024-03-05T10:13:55","date_gmt":"2024-03-05T09:13:55","guid":{"rendered":"https:\/\/mustadautoline.com\/umhverfis-og-sjalfbaernistefna-fyrirtaekja\/"},"modified":"2025-05-19T09:17:14","modified_gmt":"2025-05-19T07:17:14","slug":"umhverfis-og-sjalfbaernistefna-fyrirtaekja","status":"publish","type":"page","link":"https:\/\/mustadautoline.com\/is\/umhverfis-og-sjalfbaernistefna-fyrirtaekja\/","title":{"rendered":"Umhverfis- og sj\u00e1lfb\u00e6rnistefna fyrirt\u00e6kja"},"content":{"rendered":"<div class=\"wpb-content-wrapper\"><p>[vc_row unlock_row_content=&#8220;yes&#8220; row_height_percent=&#8220;0&#8243; override_padding=&#8220;yes&#8220; h_padding=&#8220;0&#8243; top_padding=&#8220;0&#8243; bottom_padding=&#8220;1&#8243; back_image=&#8220;111&#8243; overlay_alpha=&#8220;50&#8243; gutter_size=&#8220;3&#8243; column_width_percent=&#8220;100&#8243; shift_y=&#8220;0&#8243; z_index=&#8220;0&#8243; uncode_shortcode_id=&#8220;353619&#8243; row_height_pixel=&#8220;400&#8243;][vc_column width=&#8220;1\/1&#8243;][\/vc_column][\/vc_row][vc_row row_height_percent=&#8220;0&#8243; overlay_alpha=&#8220;50&#8243; gutter_size=&#8220;3&#8243; column_width_use_pixel=&#8220;yes&#8220; shift_y=&#8220;0&#8243; z_index=&#8220;0&#8243; uncode_shortcode_id=&#8220;968451&#8243; column_width_pixel=&#8220;900&#8243;][vc_column width=&#8220;1\/1&#8243;][vc_custom_heading heading_semantic=&#8220;h1&#8243; text_font=&#8220;font-125558&#8243; text_size=&#8220;h1&#8243; text_weight=&#8220;400&#8243; uncode_shortcode_id=&#8220;612932&#8243;]<\/p>\n<div class=\"flex-shrink-0 flex flex-col relative items-end\">\n<div>\n<div class=\"pt-0\">\n<div class=\"gizmo-bot-avatar flex h-8 w-8 items-center justify-center overflow-hidden rounded-full\">\n<div class=\"relative p-1 rounded-sm flex items-center justify-center bg-token-main-surface-primary text-token-text-primary h-8 w-8\"><strong>Umhverfis- og sj\u00e1lfb\u00e6rnistefna fyrirt\u00e6kja<\/strong><\/div>\n<\/div>\n<\/div>\n<\/div>\n<\/div>\n<p>[\/vc_custom_heading][vc_custom_heading uncode_shortcode_id=&#8220;126521&#8243;]Skuldbinding til daglegs umhverfis\u00e1rangurs[\/vc_custom_heading][vc_column_text uncode_shortcode_id=&#8220;976647&#8243;]<\/p>\n<div class=\"flex max-w-full flex-col flex-grow\">\n<div class=\"min-h-8 text-message flex w-full flex-col items-end gap-2 whitespace-normal break-words [.text-message+&amp;]:mt-5\" dir=\"auto\" data-message-author-role=\"assistant\" data-message-id=\"e6dac53b-4e33-446f-871b-b0fd01249c21\">\n<div class=\"flex w-full flex-col gap-1 empty:hidden first:pt-[3px]\">\n<div class=\"markdown prose w-full break-words dark:prose-invert dark\">\n<p>Hj\u00e1 Mustad Autoline er umhverfis\u00e1byrg\u00f0 kjarninn \u00ed \u00f6llu sem vi\u00f0 gerum. Stefna okkar um heilsu, \u00f6ryggi, umhverfi og g\u00e6\u00f0i (HSEQ) st\u00fdrir \u00f6llum vi\u00f0skipta\u00e1kv\u00f6r\u00f0unum og rekstri, sem tryggir a\u00f0 sj\u00e1lfb\u00e6rni s\u00e9 sam\u00fe\u00e6tt \u00f6llum stj\u00f3rnunarstigum og \u00ed allri starfsemi. A\u00f0 n\u00e1 HSEQ markmi\u00f0um okkar er sameiginleg \u00e1byrg\u00f0 alls Mustad Autoline li\u00f0sins.  <\/p>\n<p><strong>Lei\u00f0andi \u00ed umhverfism\u00e1lum<\/strong><\/p>\n<p>Vi\u00f0 erum sta\u00f0r\u00e1\u00f0in \u00ed a\u00f0 vera \u00ed fararbroddi \u00ed umhverfisn\u00fdsk\u00f6pun og st\u00f6\u00f0ugt a\u00f0 b\u00e6ta starfsh\u00e6tti okkar til a\u00f0 draga \u00far umhverfis\u00e1hrifum okkar. Helstu \u00e1herslusvi\u00f0 okkar eru: <\/p>\n<ul>\n<li><strong>L\u00e1gmarka umhverfis\u00e1hrif \u00ed gegnum vir\u00f0iske\u00f0juna:<\/strong> Vi\u00f0 metum virkan og t\u00f6kum \u00e1 umhverfis\u00fe\u00e1ttum sem tengjast hlutverki okkar \u00ed al\u00fej\u00f3\u00f0legu vir\u00f0iske\u00f0junni.<\/li>\n<li><strong>B\u00e6tt orkun\u00fdtni:<\/strong> Vi\u00f0 leitumst st\u00f6\u00f0ugt vi\u00f0 a\u00f0 h\u00e1marka orkunotkun \u00ed gegnum starfsemi okkar.<\/li>\n<li><strong>Auka endurvinnslu\u00e1tak:<\/strong> Vi\u00f0 leggjum \u00e1herslu \u00e1 a\u00f0 auka endurvinnsluhlutfall okkar og draga \u00far s\u00f3un \u00ed hverju skrefi framlei\u00f0sluferlisins.<\/li>\n<\/ul>\n<p>Sem lykilbirgir \u00ed einni sj\u00e1lfb\u00e6rustu sj\u00e1var\u00fatvegi heims leggjum vi\u00f0 metna\u00f0 okkar \u00ed a\u00f0 l\u00e1gmarka kolefnisf\u00f3tspor okkar fr\u00e1 v\u00f6ru\u00fer\u00f3un til afhendingar. Langt\u00edmamarkmi\u00f0 okkar er a\u00f0 n\u00e1 engum umhverfiss\u00f3un, me\u00f0 \u00e1herslu \u00e1 sj\u00e1lfb\u00e6ra starfsh\u00e6tti \u00e1 hverju stigi. <\/p>\n<p><strong>Dagleg umhverfis\u00e1byrg\u00f0<\/strong><\/p>\n<p>\u00c1 hverjum degi h\u00f6ldum vi\u00f0 \u00f3bilandi \u00e1herslu \u00e1 frammist\u00f6\u00f0u \u00ed umhverfism\u00e1lum me\u00f0 \u00fev\u00ed a\u00f0:<\/p>\n<ul>\n<li>Endurvinnsla \u00e1 \u00f6llum framlei\u00f0slu\u00fargangi, ol\u00edum og v\u00f6kva \u00ed loku\u00f0um hringr\u00e1sarkerfum.<\/li>\n<li>Flokkun og endurnotkun endurvinnanlegra efna til a\u00f0 l\u00e1gmarka s\u00f3un.<\/li>\n<li>Samstarf vi\u00f0 sta\u00f0bundna birgja til a\u00f0 draga \u00far losun flutninga.<\/li>\n<li>A\u00f0 n\u00fdta varmahitakerfi \u00ed h\u00f6fu\u00f0st\u00f6\u00f0vum okkar og framlei\u00f0slua\u00f0st\u00f6\u00f0u til a\u00f0 l\u00e6kka orkunotkun.<\/li>\n<\/ul>\n<p>Ranns\u00f3knar- og \u00fer\u00f3unarteymi\u00f0 okkar (R&amp;D) vinnur st\u00f6\u00f0ugt a\u00f0 n\u00fdjungum til a\u00f0 l\u00e1gmarka enn frekar umhverfis\u00e1hrif v\u00f6ru okkar og tryggir a\u00f0 vi\u00f0 uppfyllum str\u00f6ngustu sj\u00e1lfb\u00e6rnista\u00f0la.<\/p>\n<p><strong>Forgangsmarkmi\u00f0 okkar um sj\u00e1lfb\u00e6rni<\/strong><\/p>\n<p>\u00cd samr\u00e6mi vi\u00f0 sj\u00e1lfb\u00e6ra \u00fer\u00f3unarmarkmi\u00f0 Sameinu\u00f0u \u00fej\u00f3\u00f0anna (SDG), setjum vi\u00f0 eftirfarandi markmi\u00f0 \u00ed forgang:<\/p>\n<ul>\n<li><strong>Markmi\u00f0 8:<\/strong> Stu\u00f0la a\u00f0 sj\u00e1lfb\u00e6rum hagvexti \u00e1n a\u00f0greiningar, atvinnu og manns\u00e6mandi vinnu fyrir alla.<\/li>\n<li><strong>Markmi\u00f0 9:<\/strong> Byggja upp sveigjanlega innvi\u00f0i, stu\u00f0la a\u00f0 sj\u00e1lfb\u00e6rri i\u00f0nv\u00e6\u00f0ingu og efla n\u00fdsk\u00f6pun.<\/li>\n<li><strong>Markmi\u00f0 11:<\/strong> Ger\u00f0u borgir a\u00f0 me\u00f0altali, \u00f6ruggar, seiglulegar og sj\u00e1lfb\u00e6rar.<\/li>\n<li><strong>Markmi\u00f0 12:<\/strong> Tryggja sj\u00e1lfb\u00e6rt neyslu- og framlei\u00f0slumynstur.<\/li>\n<li><strong>Markmi\u00f0 14:<\/strong> Vernda og n\u00fdta \u00e1 sj\u00e1lfb\u00e6ran h\u00e1tt h\u00f6f, h\u00f6f og au\u00f0lindir hafsins.<\/li>\n<\/ul>\n<p>Vi\u00f0 erum sta\u00f0r\u00e1\u00f0in \u00ed \u00feessum sj\u00e1lfb\u00e6rnimarkmi\u00f0um um lei\u00f0 og vi\u00f0 h\u00f6ldum \u00e1fram a\u00f0 \u00fer\u00f3ast sem \u00e1byrgt og frams\u00fdnt fyrirt\u00e6ki. Me\u00f0 sameiginlegu \u00e1taki okkar stefnum vi\u00f0 a\u00f0 \u00fev\u00ed a\u00f0 skapa j\u00e1kv\u00e6\u00f0 umhverfis\u00e1hrif og stu\u00f0la a\u00f0 sj\u00e1lfb\u00e6rari framt\u00ed\u00f0. <\/p>\n<h3 class=\"\" data-start=\"128\" data-end=\"182\"><strong data-start=\"132\" data-end=\"182\">COLTO \u2013 Samt\u00f6k l\u00f6glegra tannfiskrekstrara\u00f0ila<\/strong><\/h3>\n<p class=\"\" data-start=\"184\" data-end=\"466\">Vi\u00f0 erum stolt af \u00fev\u00ed a\u00f0 vera me\u00f0limir \u00ed <strong data-start=\"208\" data-end=\"217\">COLTO<\/strong> , al\u00fej\u00f3\u00f0legri samt\u00f6kum sem helga sig sj\u00e1lfb\u00e6rri stj\u00f3rnun og l\u00f6glegri vei\u00f0i \u00e1 tannfiski, s\u00e9rstaklega \u00ed <strong data-start=\"344\" data-end=\"362\">Su\u00f0urh\u00f6fum<\/strong> . COLTO gegnir lykilhlutverki \u00ed a\u00f0 efla \u00e1byrgar vei\u00f0ia\u00f0fer\u00f0ir og l\u00e1gmarka umhverfis\u00e1hrif. <\/p>\n<p class=\"\" data-start=\"468\" data-end=\"830\">Sj\u00e1lfb\u00e6rni er kjarninn \u00ed vi\u00f0leitni okkar. \u00cd samstarfi vi\u00f0 a\u00f0ra me\u00f0limi h\u00f6fum vi\u00f0 \u00fer\u00f3a\u00f0 n\u00fdst\u00e1rlegar lausnir fyrir vei\u00f0ar, eins og Mustad Autoline E-Line kerfi\u00f0 &#8211; n\u00fdjustu n\u00fdjung okkar me\u00f0 rafkn\u00fanum \u00edhlutum fyrir sj\u00e1lfvirka vei\u00f0ar. \u00deetta b\u00e6tir ekki a\u00f0eins skilvirkni vei\u00f0a heldur dregur einnig verulega \u00far orkunotkun og kolefnisspori, sem stu\u00f0lar a\u00f0 umhverfisvernd.  <\/p>\n<p class=\"\" data-start=\"1114\" data-end=\"1209\">Frekari uppl\u00fdsingar um COLTO og verkefni \u00feess er a\u00f0 finna \u00e1 <a class=\"\" href=\"https:\/\/www.colto.org\" target=\"_new\" rel=\"noopener\" data-start=\"1174\" data-end=\"1208\">colto.org<\/a> .<\/p>\n<\/div>\n<\/div>\n<\/div>\n<\/div>\n<p>[\/vc_column_text][\/vc_column][\/vc_row]<\/p>\n<\/div>","protected":false},"excerpt":{"rendered":"<p>[vc_row unlock_row_content=&#8220;yes&#8220; row_height_percent=&#8220;0&#8243; override_padding=&#8220;yes&#8220; h_padding=&#8220;0&#8243; top_padding=&#8220;0&#8243; bottom_padding=&#8220;1&#8243; back_image=&#8220;111&#8243; overlay_alpha=&#8220;50&#8243; gutter_size=&#8220;3&#8243; column_width_percent=&#8220;100&#8243; shift_y=&#8220;0&#8243; z_index=&#8220;0&#8243; uncode_shortcode_id=&#8220;353619&#8243; row_height_pixel=&#8220;400&#8243;][vc_column width=&#8220;1\/1&#8243;][\/vc_column][\/vc_row][vc_row row_height_percent=&#8220;0&#8243; overlay_alpha=&#8220;50&#8243; gutter_size=&#8220;3&#8243; column_width_use_pixel=&#8220;yes&#8220; [&hellip;]<\/p>\n","protected":false},"author":1,"featured_media":0,"parent":0,"menu_order":0,"comment_status":"closed","ping_status":"closed","template":"","meta":{"_acf_changed":false,"footnotes":""},"class_list":["post-1242","page","type-page","status-publish","hentry"],"acf":[],"_links":{"self":[{"href":"https:\/\/mustadautoline.com\/is\/wp-json\/wp\/v2\/pages\/1242","targetHints":{"allow":["GET"]}}],"collection":[{"href":"https:\/\/mustadautoline.com\/is\/wp-json\/wp\/v2\/pages"}],"about":[{"href":"https:\/\/mustadautoline.com\/is\/wp-json\/wp\/v2\/types\/page"}],"author":[{"embeddable":true,"href":"https:\/\/mustadautoline.com\/is\/wp-json\/wp\/v2\/users\/1"}],"replies":[{"embeddable":true,"href":"https:\/\/mustadautoline.com\/is\/wp-json\/wp\/v2\/comments?post=1242"}],"version-history":[{"count":0,"href":"https:\/\/mustadautoline.com\/is\/wp-json\/wp\/v2\/pages\/1242\/revisions"}],"wp:attachment":[{"href":"https:\/\/mustadautoline.com\/is\/wp-json\/wp\/v2\/media?parent=1242"}],"curies":[{"name":"wp","href":"https:\/\/api.w.org\/{rel}","templated":true}]}}